{"id":11177,"date":"2024-06-12T16:59:44","date_gmt":"2024-06-12T14:59:44","guid":{"rendered":"https:\/\/www.arroceriaformentera.com\/?page_id=11177"},"modified":"2024-06-13T10:05:17","modified_gmt":"2024-06-13T08:05:17","slug":"condiciones-promocion-pedidos-pack-eurocopa","status":"publish","type":"page","link":"https:\/\/www.arroceriaformentera.com\/en\/condiciones-promocion-pedidos-pack-eurocopa\/","title":{"rendered":"Condiciones promoci\u00f3n \u00abPack Eurocopa\u00bb"},"content":{"rendered":"<div data-elementor-type=\"wp-page\" data-elementor-id=\"11177\" class=\"elementor elementor-11177\">\n\t\t\t\t\t\t\t\t\t<section class=\"elementor-section elementor-top-section elementor-element elementor-element-ef236b6 elementor-section-boxed elementor-section-height-default elementor-section-height-default\" data-id=\"ef236b6\" data-element_type=\"section\">\n\t\t\t\t\t\t<div class=\"elementor-container elementor-column-gap-default\">\n\t\t\t\t\t<div class=\"elementor-column elementor-col-100 elementor-top-column elementor-element elementor-element-0f23ec4\" data-id=\"0f23ec4\" data-element_type=\"column\">\n\t\t\t<div class=\"elementor-widget-wrap elementor-element-populated\">\n\t\t\t\t\t\t\t\t<div class=\"elementor-element elementor-element-106f0fe acenter divider_yes elementor-widget elementor-widget-wgl-double-heading\" data-id=\"106f0fe\" data-element_type=\"widget\" data-widget_type=\"wgl-double-heading.default\">\n\t\t\t\t<div class=\"elementor-widget-container\">\n\t\t\t<div class=\"wgl-double-heading\"><h3 class=\"dblh__title-wrapper\"><span class=\"dblh__title dblh__title-1\">Promoci\u00f3n Pack Eurocopa<\/span><span class=\"dblh__title dblh__title-2\"> S\u00f3lo el S\u00e1b. 15 de junio<\/span><\/h3><span class=\"dblh__divider\"><span><\/span><\/span><\/div>\t\t<\/div>\n\t\t\t\t<\/div>\n\t\t\t\t<div class=\"elementor-element elementor-element-7ece85b elementor-widget elementor-widget-image\" data-id=\"7ece85b\" data-element_type=\"widget\" data-widget_type=\"image.default\">\n\t\t\t\t<div class=\"elementor-widget-container\">\n\t\t\t<style>\/*! elementor - v3.12.0 - 29-03-2023 *\/\n.elementor-widget-image{text-align:center}.elementor-widget-image a{display:inline-block}.elementor-widget-image a img[src$=\".svg\"]{width:48px}.elementor-widget-image img{vertical-align:middle;display:inline-block}<\/style>\t\t\t\t\t\t\t\t\t\t\t\t<img decoding=\"async\" width=\"1024\" height=\"1024\" src=\"https:\/\/www.arroceriaformentera.com\/wp-content\/uploads\/2024\/06\/belen-eurocopa-post-1.png\" class=\"attachment-large size-large wp-image-11182\" alt=\"\" loading=\"lazy\" \/>\t\t\t\t\t\t\t\t\t\t\t\t\t\t\t<\/div>\n\t\t\t\t<\/div>\n\t\t\t\t<div class=\"elementor-element elementor-element-5ab6b08 elementor-widget elementor-widget-text-editor\" data-id=\"5ab6b08\" data-element_type=\"widget\" data-widget_type=\"text-editor.default\">\n\t\t\t\t<div class=\"elementor-widget-container\">\n\t\t\t<style>\/*! elementor - v3.12.0 - 29-03-2023 *\/\n.elementor-widget-text-editor.elementor-drop-cap-view-stacked .elementor-drop-cap{background-color:#69727d;color:#fff}.elementor-widget-text-editor.elementor-drop-cap-view-framed .elementor-drop-cap{color:#69727d;border:3px solid;background-color:transparent}.elementor-widget-text-editor:not(.elementor-drop-cap-view-default) .elementor-drop-cap{margin-top:8px}.elementor-widget-text-editor:not(.elementor-drop-cap-view-default) .elementor-drop-cap-letter{width:1em;height:1em}.elementor-widget-text-editor .elementor-drop-cap{float:left;text-align:center;line-height:1;font-size:50px}.elementor-widget-text-editor .elementor-drop-cap-letter{display:inline-block}<\/style>\t\t\t\t<p><span style=\"color: #166a8c;\"><span style=\"text-decoration: underline;\"><strong>El s\u00e1bado 15 de junio<\/strong><\/span>\u00a0podr\u00e1s pedir a domicilio o venir a recoger nuestro <strong>PACK <span style=\"color: #166a8c;\">EUROCOPA<\/span> \ufe0f\u26bd\ufe0f<\/strong>\u00a0que <strong>incluye<\/strong>:<\/span><\/p><p><span style=\"color: #166a8c;\"><strong>1 x Raci\u00f3n croquetas buey\u00a0<\/strong><em>(6 uds\/raci\u00f3n)<\/em><\/span><\/p><p><span style=\"color: #166a8c;\"><strong>1 x Paella mediana para 4 personas\u00a0<\/strong><em>(a elegir: arroz negro, mixta ciega o pollo con verduras)<\/em><\/span><\/p><p><span style=\"color: #166a8c;\"><em><strong>4 x Bebidas\u00a0<\/strong>(4 latas de cerveza o 4 latas de coca cola)<\/em><\/span><\/p><h5>\u00a0<\/h5><h5><span style=\"color: #d71232;\"><strong><span style=\"color: #999999;\"><del>57\u20ac<\/del><\/span>\u00a0 <\/strong><\/span><\/h5><h3><span style=\"color: #d71232;\"><strong>49\u20ac<\/strong><\/span><\/h3><div>\u00a0<\/div><div><p><span style=\"color: #999999;\"><span style=\"color: #999999;\"><strong><em>Condiciones:<\/em><\/strong><i><\/i><\/span><\/span><\/p><p><span style=\"color: #808080;\"><i>Disponible s\u00f3lo para pedidos a domicilio o de recogida en los locales de Alcobendas y <\/i><i>Montecarmelo el s\u00e1bado 15 de junio de 2024. No compatible con otras promociones\u00a0<\/i><i>(excepto el descuento de 6\u20ac de recogida en local), ni con puntos de la tarjeta de\u00a0<\/i><i>fidelizaci\u00f3n. El precio no incluye el precio de la fianza del arroz que se deber\u00e1 abonar\u00a0<\/i><i>por el arroz del pack. No se podr\u00e1n cambiar los productos por otros no ofertados en la\u00a0<\/i><i>promoci\u00f3n. No se incluye gastos derivados de env\u00edo (suplemento de env\u00edo) que se puedan aplicar para zonas no incluidas en nuestras zonas de reparto habitual sin coste.<\/i><\/span><\/p><\/div>\t\t\t\t\t\t<\/div>\n\t\t\t\t<\/div>\n\t\t\t\t\t<\/div>\n\t\t<\/div>\n\t\t\t\t\t\t\t<\/div>\n\t\t<\/section>\n\t\t\t\t<section class=\"elementor-section elementor-top-section elementor-element elementor-element-6651a15 elementor-section-boxed elementor-section-height-default elementor-section-height-default\" data-id=\"6651a15\" data-element_type=\"section\">\n\t\t\t\t\t\t<div class=\"elementor-container elementor-column-gap-default\">\n\t\t\t\t\t<div class=\"elementor-column elementor-col-100 elementor-top-column elementor-element elementor-element-d417153\" data-id=\"d417153\" data-element_type=\"column\">\n\t\t\t<div class=\"elementor-widget-wrap elementor-element-populated\">\n\t\t\t\t\t\t\t\t<div class=\"elementor-element elementor-element-b999b21 aleft elementor-widget elementor-widget-wgl-double-heading\" data-id=\"b999b21\" data-element_type=\"widget\" data-widget_type=\"wgl-double-heading.default\">\n\t\t\t\t<div class=\"elementor-widget-container\">\n\t\t\t<div class=\"wgl-double-heading\"><h3 class=\"dblh__title-wrapper\"><span class=\"dblh__title dblh__title-1\">Encuentra tu restaurante m\u00e1s cercano:<\/span><\/h3><\/div>\t\t<\/div>\n\t\t\t\t<\/div>\n\t\t\t\t\t<\/div>\n\t\t<\/div>\n\t\t\t\t\t\t\t<\/div>\n\t\t<\/section>\n\t\t\t\t<section class=\"elementor-section elementor-top-section elementor-element elementor-element-4a9b9d3 elementor-section-boxed elementor-section-height-default elementor-section-height-default\" data-id=\"4a9b9d3\" data-element_type=\"section\">\n\t\t\t\t\t\t<div class=\"elementor-container elementor-column-gap-default\">\n\t\t\t\t\t<div class=\"elementor-column elementor-col-50 elementor-top-column elementor-element elementor-element-b21a231\" data-id=\"b21a231\" data-element_type=\"column\">\n\t\t\t<div class=\"elementor-widget-wrap elementor-element-populated\">\n\t\t\t\t\t\t\t\t<div class=\"elementor-element elementor-element-41ab6b7 elementor-widget elementor-widget-google_maps\" data-id=\"41ab6b7\" data-element_type=\"widget\" data-widget_type=\"google_maps.default\">\n\t\t\t\t<div class=\"elementor-widget-container\">\n\t\t\t<style>\/*! elementor - v3.12.0 - 29-03-2023 *\/\n.elementor-widget-google_maps .elementor-widget-container{overflow:hidden}.elementor-widget-google_maps .elementor-custom-embed{line-height:0}.elementor-widget-google_maps iframe{height:300px}<\/style>\t\t<div class=\"elementor-custom-embed\">\n\t\t\t<iframe loading=\"lazy\"\n\t\t\t\t\tsrc=\"https:\/\/maps.google.com\/maps?q=avenida%20valdelaparra%2049&#038;t=m&#038;z=13&#038;output=embed&#038;iwloc=near\"\n\t\t\t\t\ttitle=\"avenida valdelaparra 49\"\n\t\t\t\t\taria-label=\"avenida valdelaparra 49\"\n\t\t\t><\/iframe>\n\t\t<\/div>\n\t\t\t\t<\/div>\n\t\t\t\t<\/div>\n\t\t\t\t<div class=\"elementor-element elementor-element-5d384b5 elementor-widget elementor-widget-heading\" data-id=\"5d384b5\" data-element_type=\"widget\" data-widget_type=\"heading.default\">\n\t\t\t\t<div class=\"elementor-widget-container\">\n\t\t\t<style>\/*! elementor - v3.12.0 - 29-03-2023 *\/\n.elementor-heading-title{padding:0;margin:0;line-height:1}.elementor-widget-heading .elementor-heading-title[class*=elementor-size-]>a{color:inherit;font-size:inherit;line-height:inherit}.elementor-widget-heading .elementor-heading-title.elementor-size-small{font-size:15px}.elementor-widget-heading .elementor-heading-title.elementor-size-medium{font-size:19px}.elementor-widget-heading .elementor-heading-title.elementor-size-large{font-size:29px}.elementor-widget-heading .elementor-heading-title.elementor-size-xl{font-size:39px}.elementor-widget-heading .elementor-heading-title.elementor-size-xxl{font-size:59px}<\/style><h2 class=\"elementor-heading-title elementor-size-xl\">Alcobendas<\/h2>\t\t<\/div>\n\t\t\t\t<\/div>\n\t\t\t\t<div class=\"elementor-element elementor-element-421be8b elementor-icon-list--layout-traditional elementor-list-item-link-full_width elementor-widget elementor-widget-icon-list\" data-id=\"421be8b\" data-element_type=\"widget\" data-widget_type=\"icon-list.default\">\n\t\t\t\t<div class=\"elementor-widget-container\">\n\t\t\t<link rel=\"stylesheet\" href=\"https:\/\/www.arroceriaformentera.com\/wp-content\/plugins\/elementor\/assets\/css\/widget-icon-list.min.css\">\t\t<ul class=\"elementor-icon-list-items\">\n\t\t\t\t\t\t\t<li class=\"elementor-icon-list-item\">\n\t\t\t\t\t\t\t\t\t\t\t<a href=\"https:\/\/goo.gl\/maps\/mSy7LcC8FCszxThW7\" target=\"_blank\">\n\n\t\t\t\t\t\t\t\t\t\t\t\t<span class=\"elementor-icon-list-icon\">\n\t\t\t\t\t\t\t\t\t\t\t\t\t\t\t\t<i class=\"fa fa-check\" aria-hidden=\"true\"><\/i>\n\t\t\t\t\t\t\t\t\t\t\t\t\t<\/span>\n\t\t\t\t\t\t\t\t\t\t<span class=\"elementor-icon-list-text\">\ud83d\udccd Avenida Valdelaparra 49<\/span>\n\t\t\t\t\t\t\t\t\t\t\t<\/a>\n\t\t\t\t\t\t\t\t\t<\/li>\n\t\t\t\t\t\t\t\t<li class=\"elementor-icon-list-item\">\n\t\t\t\t\t\t\t\t\t\t\t<a href=\"tel: 34914900793\">\n\n\t\t\t\t\t\t\t\t\t\t\t\t<span class=\"elementor-icon-list-icon\">\n\t\t\t\t\t\t\t\t\t\t\t\t\t\t\t\t<i class=\"fa fa-times\" aria-hidden=\"true\"><\/i>\n\t\t\t\t\t\t\t\t\t\t\t\t\t<\/span>\n\t\t\t\t\t\t\t\t\t\t<span class=\"elementor-icon-list-text\">\u260e\ufe0f 914900793<\/span>\n\t\t\t\t\t\t\t\t\t\t\t<\/a>\n\t\t\t\t\t\t\t\t\t<\/li>\n\t\t\t\t\t\t<\/ul>\n\t\t\t\t<\/div>\n\t\t\t\t<\/div>\n\t\t\t\t\t<\/div>\n\t\t<\/div>\n\t\t\t\t<div class=\"elementor-column elementor-col-50 elementor-top-column elementor-element elementor-element-9041751\" data-id=\"9041751\" data-element_type=\"column\">\n\t\t\t<div class=\"elementor-widget-wrap elementor-element-populated\">\n\t\t\t\t\t\t\t\t<div class=\"elementor-element elementor-element-58a3ef1 elementor-widget elementor-widget-google_maps\" data-id=\"58a3ef1\" data-element_type=\"widget\" data-widget_type=\"google_maps.default\">\n\t\t\t\t<div class=\"elementor-widget-container\">\n\t\t\t\t\t<div class=\"elementor-custom-embed\">\n\t\t\t<iframe loading=\"lazy\"\n\t\t\t\t\tsrc=\"https:\/\/maps.google.com\/maps?q=avenida%20monasterio%20de%20el%20escorial%206&#038;t=m&#038;z=13&#038;output=embed&#038;iwloc=near\"\n\t\t\t\t\ttitle=\"avenida monasterio de el escorial 6\"\n\t\t\t\t\taria-label=\"avenida monasterio de el escorial 6\"\n\t\t\t><\/iframe>\n\t\t<\/div>\n\t\t\t\t<\/div>\n\t\t\t\t<\/div>\n\t\t\t\t<div class=\"elementor-element elementor-element-e3e9da5 elementor-widget elementor-widget-heading\" data-id=\"e3e9da5\" data-element_type=\"widget\" data-widget_type=\"heading.default\">\n\t\t\t\t<div class=\"elementor-widget-container\">\n\t\t\t<h2 class=\"elementor-heading-title elementor-size-xl\">Montecarmelo<\/h2>\t\t<\/div>\n\t\t\t\t<\/div>\n\t\t\t\t<div class=\"elementor-element elementor-element-76efdb9 elementor-icon-list--layout-traditional elementor-list-item-link-full_width elementor-widget elementor-widget-icon-list\" data-id=\"76efdb9\" data-element_type=\"widget\" data-widget_type=\"icon-list.default\">\n\t\t\t\t<div class=\"elementor-widget-container\">\n\t\t\t\t\t<ul class=\"elementor-icon-list-items\">\n\t\t\t\t\t\t\t<li class=\"elementor-icon-list-item\">\n\t\t\t\t\t\t\t\t\t\t\t<a href=\"https:\/\/goo.gl\/maps\/oKD5DWTMAyBsH8my6\" target=\"_blank\">\n\n\t\t\t\t\t\t\t\t\t\t\t\t<span class=\"elementor-icon-list-icon\">\n\t\t\t\t\t\t\t\t\t\t\t\t\t\t\t\t<i class=\"fa fa-check\" aria-hidden=\"true\"><\/i>\n\t\t\t\t\t\t\t\t\t\t\t\t\t<\/span>\n\t\t\t\t\t\t\t\t\t\t<span class=\"elementor-icon-list-text\">\ud83d\udccd Av. del Monasterio de El Escorial 6<\/span>\n\t\t\t\t\t\t\t\t\t\t\t<\/a>\n\t\t\t\t\t\t\t\t\t<\/li>\n\t\t\t\t\t\t\t\t<li class=\"elementor-icon-list-item\">\n\t\t\t\t\t\t\t\t\t\t\t<a href=\"tel: 34919992727\">\n\n\t\t\t\t\t\t\t\t\t\t\t\t<span class=\"elementor-icon-list-icon\">\n\t\t\t\t\t\t\t\t\t\t\t\t\t\t\t\t<i class=\"fa fa-times\" aria-hidden=\"true\"><\/i>\n\t\t\t\t\t\t\t\t\t\t\t\t\t<\/span>\n\t\t\t\t\t\t\t\t\t\t<span class=\"elementor-icon-list-text\">\u260e\ufe0f 919992727<\/span>\n\t\t\t\t\t\t\t\t\t\t\t<\/a>\n\t\t\t\t\t\t\t\t\t<\/li>\n\t\t\t\t\t\t<\/ul>\n\t\t\t\t<\/div>\n\t\t\t\t<\/div>\n\t\t\t\t\t<\/div>\n\t\t<\/div>\n\t\t\t\t\t\t\t<\/div>\n\t\t<\/section>\n\t\t\t\t\t\t\t<\/div>","protected":false},"excerpt":{"rendered":"<p>Promoci\u00f3n Pack Eurocopa S\u00f3lo el S\u00e1b. 15 de junio El s\u00e1bado 15 de junio&nbsp;podr\u00e1s pedir a domicilio o venir a recoger nuestro PACK EUROCOPA \ufe0f\u26bd\ufe0f&nbsp;que incluye: 1 x Raci\u00f3n croquetas buey&nbsp;(6 uds\/raci\u00f3n) 1 x Paella mediana para 4 personas&nbsp;(a elegir: arroz negro, mixta ciega o pollo con verduras) 4 x Bebidas&nbsp;(4 latas de cerveza o [&hellip;]<\/p>","protected":false},"author":2,"featured_media":11182,"parent":0,"menu_order":0,"comment_status":"closed","ping_status":"closed","template":"","meta":[],"yoast_head":"<!-- This site is optimized with the Yoast SEO plugin v21.3 - https:\/\/yoast.com\/wordpress\/plugins\/seo\/ -->\n<title>Condiciones promoci\u00f3n &quot;Pack Eurocopa&quot; - Arrocer\u00eda Formentera<\/title>\n<meta name=\"description\" content=\"S\u00f3lo este s\u00e1bado 15 de junio disfruta los partidos con nuestro Pack Eurocopa para 4: 6 croquetas + 1 paella mediana + 4 bebidas por 49\u20ac \ufe0f\u26bd\ufe0f\" \/>\n<meta name=\"robots\" content=\"index, follow, max-snippet:-1, max-image-preview:large, max-video-preview:-1\" \/>\n<link rel=\"canonical\" href=\"https:\/\/www.arroceriaformentera.com\/en\/condiciones-promocion-pedidos-pack-eurocopa\/\" \/>\n<meta property=\"og:locale\" content=\"en_US\" \/>\n<meta property=\"og:type\" content=\"article\" \/>\n<meta property=\"og:title\" content=\"Condiciones promoci\u00f3n &quot;Pack Eurocopa&quot; - Arrocer\u00eda Formentera\" \/>\n<meta property=\"og:description\" content=\"S\u00f3lo este s\u00e1bado 15 de junio disfruta los partidos con nuestro Pack Eurocopa para 4: 6 croquetas + 1 paella mediana + 4 bebidas por 49\u20ac \ufe0f\u26bd\ufe0f\" \/>\n<meta property=\"og:url\" content=\"https:\/\/www.arroceriaformentera.com\/en\/condiciones-promocion-pedidos-pack-eurocopa\/\" \/>\n<meta property=\"og:site_name\" content=\"Arrocer\u00eda Formentera\" \/>\n<meta property=\"article:modified_time\" content=\"2024-06-13T08:05:17+00:00\" \/>\n<meta property=\"og:image\" content=\"https:\/\/www.arroceriaformentera.com\/wp-content\/uploads\/2024\/06\/belen-eurocopa-post-1.png\" \/>\n\t<meta property=\"og:image:width\" content=\"1024\" \/>\n\t<meta property=\"og:image:height\" content=\"1024\" \/>\n\t<meta property=\"og:image:type\" content=\"image\/png\" \/>\n<meta name=\"twitter:card\" content=\"summary_large_image\" \/>\n<meta name=\"twitter:label1\" content=\"Est. reading time\" \/>\n\t<meta name=\"twitter:data1\" content=\"2 minutes\" \/>\n<script type=\"application\/ld+json\" class=\"yoast-schema-graph\">{\"@context\":\"https:\/\/schema.org\",\"@graph\":[{\"@type\":\"WebPage\",\"@id\":\"https:\/\/www.arroceriaformentera.com\/condiciones-promocion-pedidos-pack-eurocopa\/\",\"url\":\"https:\/\/www.arroceriaformentera.com\/condiciones-promocion-pedidos-pack-eurocopa\/\",\"name\":\"Condiciones promoci\u00f3n \\\"Pack Eurocopa\\\" - Arrocer\u00eda Formentera\",\"isPartOf\":{\"@id\":\"https:\/\/www.arroceriaformentera.com\/#website\"},\"datePublished\":\"2024-06-12T14:59:44+00:00\",\"dateModified\":\"2024-06-13T08:05:17+00:00\",\"description\":\"S\u00f3lo este s\u00e1bado 15 de junio disfruta los partidos con nuestro Pack Eurocopa para 4: 6 croquetas + 1 paella mediana + 4 bebidas por 49\u20ac \ufe0f\u26bd\ufe0f\",\"breadcrumb\":{\"@id\":\"https:\/\/www.arroceriaformentera.com\/condiciones-promocion-pedidos-pack-eurocopa\/#breadcrumb\"},\"inLanguage\":\"en-US\",\"potentialAction\":[{\"@type\":\"ReadAction\",\"target\":[\"https:\/\/www.arroceriaformentera.com\/condiciones-promocion-pedidos-pack-eurocopa\/\"]}]},{\"@type\":\"BreadcrumbList\",\"@id\":\"https:\/\/www.arroceriaformentera.com\/condiciones-promocion-pedidos-pack-eurocopa\/#breadcrumb\",\"itemListElement\":[{\"@type\":\"ListItem\",\"position\":1,\"name\":\"Portada\",\"item\":\"https:\/\/www.arroceriaformentera.com\/\"},{\"@type\":\"ListItem\",\"position\":2,\"name\":\"Condiciones promoci\u00f3n &#8220;Pack Eurocopa&#8221;\"}]},{\"@type\":\"WebSite\",\"@id\":\"https:\/\/www.arroceriaformentera.com\/#website\",\"url\":\"https:\/\/www.arroceriaformentera.com\/\",\"name\":\"Arrocer\u00eda Formentera\",\"description\":\"Restaurante\",\"potentialAction\":[{\"@type\":\"SearchAction\",\"target\":{\"@type\":\"EntryPoint\",\"urlTemplate\":\"https:\/\/www.arroceriaformentera.com\/?s={search_term_string}\"},\"query-input\":\"required name=search_term_string\"}],\"inLanguage\":\"en-US\"}]}<\/script>\n<!-- \/ Yoast SEO plugin. -->","yoast_head_json":{"title":"Condiciones promoci\u00f3n \"Pack Eurocopa\" - Arrocer\u00eda Formentera","description":"S\u00f3lo este s\u00e1bado 15 de junio disfruta los partidos con nuestro Pack Eurocopa para 4: 6 croquetas + 1 paella mediana + 4 bebidas por 49\u20ac \ufe0f\u26bd\ufe0f","robots":{"index":"index","follow":"follow","max-snippet":"max-snippet:-1","max-image-preview":"max-image-preview:large","max-video-preview":"max-video-preview:-1"},"canonical":"https:\/\/www.arroceriaformentera.com\/en\/condiciones-promocion-pedidos-pack-eurocopa\/","og_locale":"en_US","og_type":"article","og_title":"Condiciones promoci\u00f3n \"Pack Eurocopa\" - Arrocer\u00eda Formentera","og_description":"S\u00f3lo este s\u00e1bado 15 de junio disfruta los partidos con nuestro Pack Eurocopa para 4: 6 croquetas + 1 paella mediana + 4 bebidas por 49\u20ac \ufe0f\u26bd\ufe0f","og_url":"https:\/\/www.arroceriaformentera.com\/en\/condiciones-promocion-pedidos-pack-eurocopa\/","og_site_name":"Arrocer\u00eda Formentera","article_modified_time":"2024-06-13T08:05:17+00:00","og_image":[{"url":"https:\/\/www.arroceriaformentera.com\/wp-content\/uploads\/2024\/06\/belen-eurocopa-post-1.png","width":1024,"height":1024,"type":"image\/png"}],"twitter_card":"summary_large_image","twitter_misc":{"Est. reading time":"2 minutes"},"schema":{"@context":"https:\/\/schema.org","@graph":[{"@type":"WebPage","@id":"https:\/\/www.arroceriaformentera.com\/condiciones-promocion-pedidos-pack-eurocopa\/","url":"https:\/\/www.arroceriaformentera.com\/condiciones-promocion-pedidos-pack-eurocopa\/","name":"Condiciones promoci\u00f3n \"Pack Eurocopa\" - Arrocer\u00eda Formentera","isPartOf":{"@id":"https:\/\/www.arroceriaformentera.com\/#website"},"datePublished":"2024-06-12T14:59:44+00:00","dateModified":"2024-06-13T08:05:17+00:00","description":"S\u00f3lo este s\u00e1bado 15 de junio disfruta los partidos con nuestro Pack Eurocopa para 4: 6 croquetas + 1 paella mediana + 4 bebidas por 49\u20ac \ufe0f\u26bd\ufe0f","breadcrumb":{"@id":"https:\/\/www.arroceriaformentera.com\/condiciones-promocion-pedidos-pack-eurocopa\/#breadcrumb"},"inLanguage":"en-US","potentialAction":[{"@type":"ReadAction","target":["https:\/\/www.arroceriaformentera.com\/condiciones-promocion-pedidos-pack-eurocopa\/"]}]},{"@type":"BreadcrumbList","@id":"https:\/\/www.arroceriaformentera.com\/condiciones-promocion-pedidos-pack-eurocopa\/#breadcrumb","itemListElement":[{"@type":"ListItem","position":1,"name":"Portada","item":"https:\/\/www.arroceriaformentera.com\/"},{"@type":"ListItem","position":2,"name":"Condiciones promoci\u00f3n &#8220;Pack Eurocopa&#8221;"}]},{"@type":"WebSite","@id":"https:\/\/www.arroceriaformentera.com\/#website","url":"https:\/\/www.arroceriaformentera.com\/","name":"Arrocer\u00eda Formentera","description":"Restaurante","potentialAction":[{"@type":"SearchAction","target":{"@type":"EntryPoint","urlTemplate":"https:\/\/www.arroceriaformentera.com\/?s={search_term_string}"},"query-input":"required name=search_term_string"}],"inLanguage":"en-US"}]}},"_links":{"self":[{"href":"https:\/\/www.arroceriaformentera.com\/en\/wp-json\/wp\/v2\/pages\/11177"}],"collection":[{"href":"https:\/\/www.arroceriaformentera.com\/en\/wp-json\/wp\/v2\/pages"}],"about":[{"href":"https:\/\/www.arroceriaformentera.com\/en\/wp-json\/wp\/v2\/types\/page"}],"author":[{"embeddable":true,"href":"https:\/\/www.arroceriaformentera.com\/en\/wp-json\/wp\/v2\/users\/2"}],"replies":[{"embeddable":true,"href":"https:\/\/www.arroceriaformentera.com\/en\/wp-json\/wp\/v2\/comments?post=11177"}],"version-history":[{"count":6,"href":"https:\/\/www.arroceriaformentera.com\/en\/wp-json\/wp\/v2\/pages\/11177\/revisions"}],"predecessor-version":[{"id":11191,"href":"https:\/\/www.arroceriaformentera.com\/en\/wp-json\/wp\/v2\/pages\/11177\/revisions\/11191"}],"wp:featuredmedia":[{"embeddable":true,"href":"https:\/\/www.arroceriaformentera.com\/en\/wp-json\/wp\/v2\/media\/11182"}],"wp:attachment":[{"href":"https:\/\/www.arroceriaformentera.com\/en\/wp-json\/wp\/v2\/media?parent=11177"}],"curies":[{"name":"wp","href":"https:\/\/api.w.org\/{rel}","templated":true}]}}