{"id":13226,"date":"2025-06-11T16:52:45","date_gmt":"2025-06-11T14:52:45","guid":{"rendered":"https:\/\/www.arroceriaformentera.com\/?page_id=13226"},"modified":"2025-06-11T17:31:54","modified_gmt":"2025-06-11T15:31:54","slug":"gracias-restaurante-alcobendas","status":"publish","type":"page","link":"https:\/\/www.arroceriaformentera.com\/en\/gracias-restaurante-alcobendas\/","title":{"rendered":"Gracias Restaurante Alcobendas"},"content":{"rendered":"<div data-elementor-type=\"wp-page\" data-elementor-id=\"13226\" class=\"elementor elementor-13226\">\n\t\t\t\t\t\t\t\t\t<section class=\"elementor-section elementor-top-section elementor-element elementor-element-efb2b70 elementor-section-boxed elementor-section-height-default elementor-section-height-default\" data-id=\"efb2b70\" data-element_type=\"section\">\n\t\t\t\t\t\t<div class=\"elementor-container elementor-column-gap-default\">\n\t\t\t\t\t<div class=\"elementor-column elementor-col-100 elementor-top-column elementor-element elementor-element-9e65cac\" data-id=\"9e65cac\" data-element_type=\"column\">\n\t\t\t<div class=\"elementor-widget-wrap elementor-element-populated\">\n\t\t\t\t\t\t\t\t<div class=\"elementor-element elementor-element-c90d0ae acenter divider_yes elementor-widget elementor-widget-wgl-double-heading\" data-id=\"c90d0ae\" data-element_type=\"widget\" data-widget_type=\"wgl-double-heading.default\">\n\t\t\t\t<div class=\"elementor-widget-container\">\n\t\t\t<div class=\"wgl-double-heading\"><div class=\"dblh__subtitle\"><span>Restaurante Arrocer\u00eda Formentera Alcobendas<\/span><\/div><h1 class=\"dblh__title-wrapper\"><span class=\"dblh__title dblh__title-1\">\u00a1Gracias por tu reserva!<\/span><\/h1><span class=\"dblh__divider\"><span><\/span><\/span><\/div>\t\t<\/div>\n\t\t\t\t<\/div>\n\t\t\t\t<div class=\"elementor-element elementor-element-4c609c1 animated-slow elementor-invisible elementor-widget elementor-widget-text-editor\" data-id=\"4c609c1\" data-element_type=\"widget\" data-settings=\"{&quot;_animation&quot;:&quot;fadeIn&quot;}\" data-widget_type=\"text-editor.default\">\n\t\t\t\t<div class=\"elementor-widget-container\">\n\t\t\t<style>\/*! elementor - v3.12.0 - 29-03-2023 *\/\n.elementor-widget-text-editor.elementor-drop-cap-view-stacked .elementor-drop-cap{background-color:#69727d;color:#fff}.elementor-widget-text-editor.elementor-drop-cap-view-framed .elementor-drop-cap{color:#69727d;border:3px solid;background-color:transparent}.elementor-widget-text-editor:not(.elementor-drop-cap-view-default) .elementor-drop-cap{margin-top:8px}.elementor-widget-text-editor:not(.elementor-drop-cap-view-default) .elementor-drop-cap-letter{width:1em;height:1em}.elementor-widget-text-editor .elementor-drop-cap{float:left;text-align:center;line-height:1;font-size:50px}.elementor-widget-text-editor .elementor-drop-cap-letter{display:inline-block}<\/style>\t\t\t\t<p class=\"p1\">Te esperamos con muchas ganas de que vivas la <strong>experiencia Formentera<\/strong>.<\/p>\t\t\t\t\t\t<\/div>\n\t\t\t\t<\/div>\n\t\t\t\t<div class=\"elementor-element elementor-element-65d74bf elementor-widget elementor-widget-image\" data-id=\"65d74bf\" data-element_type=\"widget\" data-widget_type=\"image.default\">\n\t\t\t\t<div class=\"elementor-widget-container\">\n\t\t\t<style>\/*! elementor - v3.12.0 - 29-03-2023 *\/\n.elementor-widget-image{text-align:center}.elementor-widget-image a{display:inline-block}.elementor-widget-image a img[src$=\".svg\"]{width:48px}.elementor-widget-image img{vertical-align:middle;display:inline-block}<\/style>\t\t\t\t\t\t\t\t\t\t\t\t<img decoding=\"async\" width=\"300\" height=\"248\" src=\"https:\/\/www.arroceriaformentera.com\/wp-content\/uploads\/2025\/06\/brazo-con-plato-4c.png\" class=\"attachment-medium size-medium wp-image-13228\" alt=\"\" loading=\"lazy\" \/>\t\t\t\t\t\t\t\t\t\t\t\t\t\t\t<\/div>\n\t\t\t\t<\/div>\n\t\t\t\t<div class=\"elementor-element elementor-element-e764e32 animated-slow elementor-invisible elementor-widget elementor-widget-text-editor\" data-id=\"e764e32\" data-element_type=\"widget\" data-settings=\"{&quot;_animation&quot;:&quot;fadeIn&quot;}\" data-widget_type=\"text-editor.default\">\n\t\t\t\t<div class=\"elementor-widget-container\">\n\t\t\t\t\t\t\t<p class=\"p1\"><em>En relaci\u00f3n a tu reserva recordamos nuestra pol\u00edtica de reservas de mesa: La asignaci\u00f3n de mesas ser\u00e1 realizada por el restaurante seg\u00fan las condiciones del servicio, sin posibilidad de elecci\u00f3n por parte del cliente. Las reservas se mantienen hasta 20 minutos despu\u00e9s de la hora acordada; pasado ese tiempo, la mesa podr\u00e1 ser reasignada. Solo se aceptan reservas para comidas o cenas, no solo para bebidas. La duraci\u00f3n estimada es de 1h 45min. En caso de no asistir sin avisar con al menos 24h de antelaci\u00f3n, el restaurante podr\u00e1 cobrar el cubierto. Tambi\u00e9n podr\u00e1 solicitar una fianza por persona (10\u20ac\/pers.) que se descontar\u00e1 del importe final el d\u00eda de la reserva. No se aceptan reservas anticipadas de comida salvo que se trate de un men\u00fa cerrado para grupos, con condiciones acordadas por email.<\/em><\/p>\t\t\t\t\t\t<\/div>\n\t\t\t\t<\/div>\n\t\t\t\t<div class=\"elementor-element elementor-element-1974e0a elementor-widget elementor-widget-spacer\" data-id=\"1974e0a\" data-element_type=\"widget\" data-widget_type=\"spacer.default\">\n\t\t\t\t<div class=\"elementor-widget-container\">\n\t\t\t<style>\/*! elementor - v3.12.0 - 29-03-2023 *\/\n.elementor-column .elementor-spacer-inner{height:var(--spacer-size)}.e-con{--container-widget-width:100%}.e-con-inner>.elementor-widget-spacer,.e-con>.elementor-widget-spacer{width:var(--container-widget-width,var(--spacer-size));--align-self:var(--container-widget-align-self,initial);--flex-shrink:0}.e-con-inner>.elementor-widget-spacer>.elementor-widget-container,.e-con-inner>.elementor-widget-spacer>.elementor-widget-container>.elementor-spacer,.e-con>.elementor-widget-spacer>.elementor-widget-container,.e-con>.elementor-widget-spacer>.elementor-widget-container>.elementor-spacer{height:100%}.e-con-inner>.elementor-widget-spacer>.elementor-widget-container>.elementor-spacer>.elementor-spacer-inner,.e-con>.elementor-widget-spacer>.elementor-widget-container>.elementor-spacer>.elementor-spacer-inner{height:var(--container-widget-height,var(--spacer-size))}<\/style>\t\t<div class=\"elementor-spacer\">\n\t\t\t<div class=\"elementor-spacer-inner\"><\/div>\n\t\t<\/div>\n\t\t\t\t<\/div>\n\t\t\t\t<\/div>\n\t\t\t\t\t<\/div>\n\t\t<\/div>\n\t\t\t\t\t\t\t<\/div>\n\t\t<\/section>\n\t\t\t\t\t\t\t<\/div>","protected":false},"excerpt":{"rendered":"<p>Restaurante Arrocer\u00eda Formentera Alcobendas \u00a1Gracias por tu reserva! Te esperamos con muchas ganas de que vivas la experiencia Formentera. En relaci\u00f3n a tu reserva recordamos nuestra pol\u00edtica de reservas de mesa: La asignaci\u00f3n de mesas ser\u00e1 realizada por el restaurante seg\u00fan las condiciones del servicio, sin posibilidad de elecci\u00f3n por parte del cliente. Las reservas [&hellip;]<\/p>","protected":false},"author":2,"featured_media":0,"parent":0,"menu_order":0,"comment_status":"closed","ping_status":"closed","template":"","meta":[],"yoast_head":"<!-- This site is optimized with the Yoast SEO plugin v21.3 - https:\/\/yoast.com\/wordpress\/plugins\/seo\/ -->\n<title>Gracias Restaurante Alcobendas - Arrocer\u00eda Formentera<\/title>\n<meta name=\"robots\" content=\"index, follow, max-snippet:-1, max-image-preview:large, max-video-preview:-1\" \/>\n<link rel=\"canonical\" href=\"https:\/\/www.arroceriaformentera.com\/en\/gracias-restaurante-alcobendas\/\" \/>\n<meta property=\"og:locale\" content=\"en_US\" \/>\n<meta property=\"og:type\" content=\"article\" \/>\n<meta property=\"og:title\" content=\"Gracias Restaurante Alcobendas - Arrocer\u00eda Formentera\" \/>\n<meta property=\"og:description\" content=\"Restaurante Arrocer\u00eda Formentera Alcobendas \u00a1Gracias por tu reserva! Te esperamos con muchas ganas de que vivas la experiencia Formentera. En relaci\u00f3n a tu reserva recordamos nuestra pol\u00edtica de reservas de mesa: La asignaci\u00f3n de mesas ser\u00e1 realizada por el restaurante seg\u00fan las condiciones del servicio, sin posibilidad de elecci\u00f3n por parte del cliente. Las reservas [&hellip;]\" \/>\n<meta property=\"og:url\" content=\"https:\/\/www.arroceriaformentera.com\/en\/gracias-restaurante-alcobendas\/\" \/>\n<meta property=\"og:site_name\" content=\"Arrocer\u00eda Formentera\" \/>\n<meta property=\"article:modified_time\" content=\"2025-06-11T15:31:54+00:00\" \/>\n<meta property=\"og:image\" content=\"https:\/\/www.arroceriaformentera.com\/wp-content\/uploads\/2025\/06\/brazo-con-plato-4c.png\" \/>\n<meta name=\"twitter:card\" content=\"summary_large_image\" \/>\n<meta name=\"twitter:label1\" content=\"Est. reading time\" \/>\n\t<meta name=\"twitter:data1\" content=\"1 minute\" \/>\n<script type=\"application\/ld+json\" class=\"yoast-schema-graph\">{\"@context\":\"https:\/\/schema.org\",\"@graph\":[{\"@type\":\"WebPage\",\"@id\":\"https:\/\/www.arroceriaformentera.com\/gracias-restaurante-alcobendas\/\",\"url\":\"https:\/\/www.arroceriaformentera.com\/gracias-restaurante-alcobendas\/\",\"name\":\"Gracias Restaurante Alcobendas - Arrocer\u00eda Formentera\",\"isPartOf\":{\"@id\":\"https:\/\/www.arroceriaformentera.com\/#website\"},\"datePublished\":\"2025-06-11T14:52:45+00:00\",\"dateModified\":\"2025-06-11T15:31:54+00:00\",\"breadcrumb\":{\"@id\":\"https:\/\/www.arroceriaformentera.com\/gracias-restaurante-alcobendas\/#breadcrumb\"},\"inLanguage\":\"en-US\",\"potentialAction\":[{\"@type\":\"ReadAction\",\"target\":[\"https:\/\/www.arroceriaformentera.com\/gracias-restaurante-alcobendas\/\"]}]},{\"@type\":\"BreadcrumbList\",\"@id\":\"https:\/\/www.arroceriaformentera.com\/gracias-restaurante-alcobendas\/#breadcrumb\",\"itemListElement\":[{\"@type\":\"ListItem\",\"position\":1,\"name\":\"Portada\",\"item\":\"https:\/\/www.arroceriaformentera.com\/\"},{\"@type\":\"ListItem\",\"position\":2,\"name\":\"Gracias Restaurante Alcobendas\"}]},{\"@type\":\"WebSite\",\"@id\":\"https:\/\/www.arroceriaformentera.com\/#website\",\"url\":\"https:\/\/www.arroceriaformentera.com\/\",\"name\":\"Arrocer\u00eda Formentera\",\"description\":\"Restaurante\",\"potentialAction\":[{\"@type\":\"SearchAction\",\"target\":{\"@type\":\"EntryPoint\",\"urlTemplate\":\"https:\/\/www.arroceriaformentera.com\/?s={search_term_string}\"},\"query-input\":\"required name=search_term_string\"}],\"inLanguage\":\"en-US\"}]}<\/script>\n<!-- \/ Yoast SEO plugin. -->","yoast_head_json":{"title":"Gracias Restaurante Alcobendas - Arrocer\u00eda Formentera","robots":{"index":"index","follow":"follow","max-snippet":"max-snippet:-1","max-image-preview":"max-image-preview:large","max-video-preview":"max-video-preview:-1"},"canonical":"https:\/\/www.arroceriaformentera.com\/en\/gracias-restaurante-alcobendas\/","og_locale":"en_US","og_type":"article","og_title":"Gracias Restaurante Alcobendas - Arrocer\u00eda Formentera","og_description":"Restaurante Arrocer\u00eda Formentera Alcobendas \u00a1Gracias por tu reserva! Te esperamos con muchas ganas de que vivas la experiencia Formentera. En relaci\u00f3n a tu reserva recordamos nuestra pol\u00edtica de reservas de mesa: La asignaci\u00f3n de mesas ser\u00e1 realizada por el restaurante seg\u00fan las condiciones del servicio, sin posibilidad de elecci\u00f3n por parte del cliente. Las reservas [&hellip;]","og_url":"https:\/\/www.arroceriaformentera.com\/en\/gracias-restaurante-alcobendas\/","og_site_name":"Arrocer\u00eda Formentera","article_modified_time":"2025-06-11T15:31:54+00:00","og_image":[{"url":"https:\/\/www.arroceriaformentera.com\/wp-content\/uploads\/2025\/06\/brazo-con-plato-4c.png"}],"twitter_card":"summary_large_image","twitter_misc":{"Est. reading time":"1 minute"},"schema":{"@context":"https:\/\/schema.org","@graph":[{"@type":"WebPage","@id":"https:\/\/www.arroceriaformentera.com\/gracias-restaurante-alcobendas\/","url":"https:\/\/www.arroceriaformentera.com\/gracias-restaurante-alcobendas\/","name":"Gracias Restaurante Alcobendas - Arrocer\u00eda Formentera","isPartOf":{"@id":"https:\/\/www.arroceriaformentera.com\/#website"},"datePublished":"2025-06-11T14:52:45+00:00","dateModified":"2025-06-11T15:31:54+00:00","breadcrumb":{"@id":"https:\/\/www.arroceriaformentera.com\/gracias-restaurante-alcobendas\/#breadcrumb"},"inLanguage":"en-US","potentialAction":[{"@type":"ReadAction","target":["https:\/\/www.arroceriaformentera.com\/gracias-restaurante-alcobendas\/"]}]},{"@type":"BreadcrumbList","@id":"https:\/\/www.arroceriaformentera.com\/gracias-restaurante-alcobendas\/#breadcrumb","itemListElement":[{"@type":"ListItem","position":1,"name":"Portada","item":"https:\/\/www.arroceriaformentera.com\/"},{"@type":"ListItem","position":2,"name":"Gracias Restaurante Alcobendas"}]},{"@type":"WebSite","@id":"https:\/\/www.arroceriaformentera.com\/#website","url":"https:\/\/www.arroceriaformentera.com\/","name":"Arrocer\u00eda Formentera","description":"Restaurante","potentialAction":[{"@type":"SearchAction","target":{"@type":"EntryPoint","urlTemplate":"https:\/\/www.arroceriaformentera.com\/?s={search_term_string}"},"query-input":"required name=search_term_string"}],"inLanguage":"en-US"}]}},"_links":{"self":[{"href":"https:\/\/www.arroceriaformentera.com\/en\/wp-json\/wp\/v2\/pages\/13226"}],"collection":[{"href":"https:\/\/www.arroceriaformentera.com\/en\/wp-json\/wp\/v2\/pages"}],"about":[{"href":"https:\/\/www.arroceriaformentera.com\/en\/wp-json\/wp\/v2\/types\/page"}],"author":[{"embeddable":true,"href":"https:\/\/www.arroceriaformentera.com\/en\/wp-json\/wp\/v2\/users\/2"}],"replies":[{"embeddable":true,"href":"https:\/\/www.arroceriaformentera.com\/en\/wp-json\/wp\/v2\/comments?post=13226"}],"version-history":[{"count":5,"href":"https:\/\/www.arroceriaformentera.com\/en\/wp-json\/wp\/v2\/pages\/13226\/revisions"}],"predecessor-version":[{"id":13237,"href":"https:\/\/www.arroceriaformentera.com\/en\/wp-json\/wp\/v2\/pages\/13226\/revisions\/13237"}],"wp:attachment":[{"href":"https:\/\/www.arroceriaformentera.com\/en\/wp-json\/wp\/v2\/media?parent=13226"}],"curies":[{"name":"wp","href":"https:\/\/api.w.org\/{rel}","templated":true}]}}